{"id":12,"date":"2020-09-01T10:26:10","date_gmt":"2020-09-01T08:26:10","guid":{"rendered":"https:\/\/www.autobusova-doprava.com\/domains\/autobusova-doprava.com\/?page_id=12"},"modified":"2020-09-19T17:00:43","modified_gmt":"2020-09-19T15:00:43","slug":"linkova-doprava","status":"publish","type":"page","link":"https:\/\/www.autobusova-doprava.com\/?page_id=12","title":{"rendered":"Linkov\u00e1 doprava"},"content":{"rendered":"<h2>Ud\u011blejte si v\u00fdlet historick\u00fdm autobusem spojen\u00fd s plavbou po Orlick\u00e9 p\u0159ehrad\u011b.<br \/>\nV sobotu o pr\u00e1zdnin\u00e1ch (od 5.7. do 30.8.) jezd\u00ed historick\u00fd autobus \u0160koda 706 RTO (nebo v\u00fdjme\u010dn\u011b \u201emodern\u011bj\u0161\u00ed\u201c \u0160D 11) pouze v \u00faseku Praha \u2013 Orl\u00edk \u2013 Zv\u00edkovsk\u00e9 podhrad\u00ed, Hrad.<br \/>\nAutobus vyj\u00ed\u017ed\u00ed z Prahy Na Kn\u00ed\u017eec\u00ed n\u00e1stupi\u0161t\u011b 2 v sobotu v 9.00 hod., Orl\u00edk nad Vlt. &#8211; z\u00e1mek 10.15 a p\u0159\u00edjezd na Zv\u00edkovsk\u00e9 Podhrad\u00ed -Hrad (zast\u00e1vka u parkovi\u0161t\u011b nejbl\u00ed\u017ee k hradu, kam sm\u00ed auta jezdit) 10.40.<br \/>\nLod\u00ed je mo\u017en\u00e9 jet z Orl\u00edka na Zv\u00edkov a p\u0159\u00edpadn\u011b i zp\u011bt, ze Zv\u00edkova na Orl\u00edk s mo\u017enost\u00ed zp\u00e1te\u010dn\u00ed cesty a nebo je mo\u017en\u00e1 proj\u00ed\u017e\u010fka kolem hradu Orl\u00edk.<br \/>\nZp\u011bt ze Zv\u00edkova jede autobus v 16.15 hod, Orl\u00edk &#8211; z\u00e1mek 16.40, Praha Na Kn\u00ed\u017eec\u00ed p\u0159\u00edjezd 18.00 hod.<br \/>\nAutobus stav\u00ed obousm\u011brn\u011b ve v\u0161ech zast\u00e1vk\u00e1ch na trase linky 132400.<\/h2>\n<h2>Cen\u00edk.<\/h2>\n<h2>Cena je v\u010detn\u011b dopravy z Prahy, p\u0159\u00edpadn\u011b i zp\u011bt.<\/h2>\n<h2>Praha Orl\u00edk proj\u00ed\u017e\u010fka na Orl\u00edku 150,- 40,- 70,- 80,- 90 100<\/h2>\n<h2>Praha Orl\u00edk proj\u00ed\u017e\u010fka na Orl\u00edku zp\u011bt Praha 220,- 60,- 140,- 80,- 180 100<\/h2>\n<h2>Praha Orl\u00edk Zv\u00edkov 190,- 40,- 70,- 120,- 90 140<\/h2>\n<h2>Praha Orl\u00edk Zv\u00edkov zp\u011bt Praha 280,- 60,- 160,- 120,- 200 140<\/h2>\n<h2>Praha Orl\u00edk Zv\u00edkov Orl\u00edk 270,- 60,- 70,- 200,- 90 240<\/h2>\n<h2>Praha Orl\u00edk Zv\u00edkov Orl\u00edk zp\u011bt Praha 340,- 80,- 140,- 200,- 180 240<\/h2>\n<h2>Praha Zv\u00edkov Orl\u00edk 210,- 40,- 90,- 120,- 110 140<\/h2>\n<h2>Praha Zv\u00edkov Orl\u00edk Praha 280,- 60,- 160,- 120,- 200 140<\/h2>\n<h2>Praha Zv\u00edkov Orl\u00edk Zv\u00edkov 290,- 60,- 90,- 200,- 110 240<\/h2>\n<h2>Praha Zv\u00edkov Orl\u00edk Zv\u00edkov Praha 380,- 80,- 180,- 200,- 220 240<\/h2>\n<table class=\"invisible full-width\">\n<tbody>\n<tr>\n<td>\n<h2>NOV\u00c1 LINKA v provozu od 9.6.2013<\/h2>\n<h2>132 400 Praha-T\u00fdn nad Vltavou<\/h2>\n<p>Od 9.6.2013 zahajujeme provoz nov\u00e9 d\u00e1lkov\u00e9 linky z Prahy do T\u00fdna nad Vltavou veden\u00e9 netradi\u010dn\u00ed trasou p\u0159es Orl\u00edk nad Vltavou, Zv\u00edkov, Milevsko a Bernartice. Linka bude v provozu pouze v letn\u00edm obdob\u00ed do konce \u0159\u00edjna.<\/p>\n<p>V r\u00e1mci t\u00e9to linky budou jezdit spoje \u010d. 3 a 4 provozovan\u00e9 historick\u00fdmi autobusy \u0160KODA 706 RTO LUX, \u0160KODA 706 RTO CAR a KAROSA \u0160D11. J\u00edzdn\u00e9 z Prahy bude za b\u011b\u017en\u00fd tarif na\u0161\u00ed firmy, pouze m\u00edstn\u00ed frekvence Orl\u00edk nad Vltavou &#8211; Zv\u00edkovsk\u00e9 podhrad\u00ed bude za b\u011b\u017en\u00fd tarif + 30 K\u010d p\u0159\u00edplatek.<\/p>\n<p>Tyto spoje budou jezdit ve zku\u0161ebn\u00edm provozu ka\u017edou sobotu od 20.7.2013 do 24.8.2013.<\/td>\n<td><img loading=\"lazy\" decoding=\"async\" class=\"alignleft size-full wp-image-114\" style=\"border: 2px solid var(--color-darkblue); border-radius: var(--standard-border-radius);\" src=\"https:\/\/www.autobusova-doprava.com\/wp-content\/uploads\/2020\/09\/small-jizdni_rad.gif\" alt=\"\" width=\"115\" height=\"136\" \/><a href=\"http:\/\/www.autobusova-doprava.com\/data\/mod_redaction\/11\/down\/132400-141214.pdf\" target=\"_blank\" rel=\"noopener noreferrer\"><img decoding=\"async\" src=\".\/Linkov\u00e1 doprava_files\/small-jizdni_rad.gif\" alt=\"\" align=\"center\" \/><\/a><\/td>\n<\/tr>\n<\/tbody>\n<\/table>\n<p>&nbsp;<\/p>\n<h2><\/h2>\n<p>&nbsp;<\/p>\n<h2>132 101 Praha-T\u00fdn nad Vltavou<\/h2>\n<table class=\"invisible full-width\">\n<tbody>\n<tr>\n<td>Od 3.6.2006 jsme zah\u00e1jili provoz nov\u00e9 d\u00e1lkov\u00e9 linky 132 101 <strong>Praha-T\u00fdn nad Vltavou<\/strong>. Tato linka jako jedin\u00e1 spojuje<br \/>\n<strong>Prahu &#8211; Jistebnici &#8211; Opa\u0159any &#8211; St\u00e1dlec &#8211; Bechyni a T\u00fdn n. Vltavou<\/strong>.Linka je v provozu pouze o v\u00edkendech a st\u00e1tn\u00edch sv\u00e1tc\u00edch.Linka pro\u0161la v\u00fdvoje a v sou\u010dasn\u00e9 dob\u011b jezd\u00ed prakticky beze zm\u011bny od roku 2009. Trasa vede z Prahy do Sudom\u011b\u0159ic u T\u00e1bora, kde se d\u011bl\u00ed na z\u00e1kladn\u00ed trasu p\u0159es Borot\u00edn a Jistebnici do Opa\u0159an. V Opa\u0159anech se spojuje s druhou v\u011btv\u00ed, kter\u00e1 vede p\u0159es T\u00e1bor, a d\u00e1le pokra\u010duje na Bechyni a T\u00fdn nad Vltavou.<\/p>\n<p><strong>Na\u0161e linka nen\u00ed dotov\u00e1na.<\/strong><\/p>\n<p><strong>\u00a0<\/strong><\/td>\n<td><a href=\"http:\/\/www.autobusova-doprava.com\/data\/mod_redaction\/11\/down\/132101-141214.pdf\" target=\"_blank\" rel=\"noopener noreferrer\"><img loading=\"lazy\" decoding=\"async\" class=\"alignleft size-full wp-image-115\" src=\"https:\/\/www.autobusova-doprava.com\/wp-content\/uploads\/2020\/09\/small-jizdni_rad-1.gif\" alt=\"\" width=\"115\" height=\"136\" \/><img decoding=\"async\" src=\".\/Linkov\u00e1 doprava_files\/small-jizdni_rad.gif\" alt=\"\" align=\"center\" \/><\/a><\/td>\n<td><a href=\"http:\/\/www.autobusova-doprava.com\/data\/mod_redaction\/11\/down\/cenik-km-2012-d.xls\" target=\"_blank\" rel=\"noopener noreferrer\"><img loading=\"lazy\" decoding=\"async\" class=\"alignleft size-full wp-image-116\" src=\"https:\/\/www.autobusova-doprava.com\/wp-content\/uploads\/2020\/09\/small-cenik.gif\" alt=\"\" width=\"115\" height=\"136\" \/><img decoding=\"async\" src=\".\/Linkov\u00e1 doprava_files\/small-cenik.gif\" alt=\"\" align=\"center\" \/><\/a><\/td>\n<\/tr>\n<\/tbody>\n<\/table>\n<p>&nbsp;<\/p>\n<hr \/>\n<table class=\"invisible\">\n<tbody>\n<tr>\n<td colspan=\"2\">\n<h2>167 109 Praha &#8211; Harrachov &#8211; Rokytnice nad Jizerou<\/h2>\n<p>Od 6. 1. 2006 jsme zah\u00e1jili provoz nov\u00e9 d\u00e1lkov\u00e9 linky 167 109 Praha &#8211; Harrachov. Tato linka jako jedin\u00e1 spojovala <strong>Prahu &#8211; Smr\u017eovku &#8211; Tanvald &#8211; Desnou &#8211; Ko\u0159enov a Harrachov<\/strong>.<\/p>\n<p>Od 17.3.2006 n\u00e1m po usilovn\u00e9m jedn\u00e1n\u00ed povolil Krajsk\u00fd \u00fa\u0159ad Libereck\u00e9ho kraje za\u0159adit zast\u00e1vku Jablonec nad Nisou, U gymn\u00e1zia. V sou\u010dasn\u00e9 dob\u011b linka 167 109 jako jedin\u00e1 spojuje tato m\u011bsta a obce: Praha &#8211; Jablonec nad Nisou &#8211; Smr\u017eovka &#8211; Desn\u00e1 &#8211; Ko\u0159enov &#8211; Harrachov.<\/p>\n<p>V souvislosti se za\u0159azen\u00edm nov\u00e9 zast\u00e1vky Jablonec nad Nisou, U gymn\u00e1zia do\u0161lo i ke zm\u011bn\u011b j\u00edzdn\u00edho \u0159\u00e1du na &#8222;letn\u00ed&#8220;, kdy je linka provozov\u00e1na pouze v sobotu, ned\u011bli a sv\u00e1tky &#8211; viz j\u00edzdn\u00ed \u0159\u00e1d. Upozor\u0148ujeme cestuj\u00edc\u00ed z Jablonce n. Nisou do Prahy, \u017ee linka nestav\u00ed na autobusov\u00e9m n\u00e1dra\u017e\u00ed, nikoli z na\u0161\u00ed v\u016fle, ale proto\u017ee n\u00e1m tuto zast\u00e1vku KULK nepovolil. Dal\u0161\u00edm omezen\u00edm je, \u017ee zast\u00e1vka Jablonec nad Nisou, U gymn\u00e1zia je pouze pro p\u0159epravu v \u00faseku do resp. z Prahy (omezen\u00ed KULK).<\/p>\n<p><strong>Na\u0161e linka nen\u00ed dotov\u00e1na.<\/strong><\/p>\n<p>Na na\u0161\u00ed lince je mo\u017en\u00e1 rezervace nejen p\u0159es AMS, ale i jedine\u010dn\u00fdm zp\u016fsobem pomoc\u00ed SMS &#8211; viz j\u00edzdn\u00ed \u0159\u00e1d.<\/td>\n<td rowspan=\"2\"><img decoding=\"async\" src=\".\/Linkov\u00e1 doprava_files\/small-d1.jpg\" alt=\"\" align=\"center\" \/><\/p>\n<p><img loading=\"lazy\" decoding=\"async\" class=\"alignleft size-full wp-image-117\" src=\"https:\/\/www.autobusova-doprava.com\/wp-content\/uploads\/2020\/09\/small-d1.jpg\" alt=\"\" width=\"238\" height=\"160\" \/><\/p>\n<p align=\"center\"><strong>P\u0159istaven\u00ed autobusu na n\u00e1stupi\u0161t\u011b 3<br \/>\nPraha &#8211; \u010c. Most<\/strong><\/p>\n<p><img decoding=\"async\" src=\".\/Linkov\u00e1 doprava_files\/small-d2jpg.jpg\" alt=\"\" align=\"center\" \/><img loading=\"lazy\" decoding=\"async\" class=\"alignleft size-full wp-image-118\" src=\"https:\/\/www.autobusova-doprava.com\/wp-content\/uploads\/2020\/09\/small-d2jpg.jpg\" alt=\"\" width=\"240\" height=\"160\" \/><\/p>\n<p align=\"center\"><strong>Na zahajovac\u00ed j\u00edzd\u011b \u0159\u00eddil autobus p. Jan Kukla<\/strong><\/p>\n<p align=\"center\"><strong>\u00a0<\/strong><\/p>\n<p><img decoding=\"async\" src=\".\/Linkov\u00e1 doprava_files\/small-d3.jpg\" alt=\"\" align=\"center\" \/><img loading=\"lazy\" decoding=\"async\" class=\"alignleft size-full wp-image-119\" src=\"https:\/\/www.autobusova-doprava.com\/wp-content\/uploads\/2020\/09\/small-d3.jpg\" alt=\"\" width=\"239\" height=\"161\" \/><\/p>\n<p>&nbsp;<\/p>\n<p align=\"center\"><strong>1. z\u00e1kaznice na\u0161\u00ed linky si kupuje j\u00edzdenku<\/strong><\/p>\n<p>&nbsp;<\/td>\n<\/tr>\n<tr>\n<td><a href=\"http:\/\/www.autobusova-doprava.com\/data\/mod_redaction\/11\/down\/161109-141214.pdf\" target=\"_blank\" rel=\"noopener noreferrer\"><img decoding=\"async\" src=\".\/Linkov\u00e1 doprava_files\/small-jizdni_rad.gif\" alt=\"\" align=\"center\" \/><img loading=\"lazy\" decoding=\"async\" class=\"alignleft size-full wp-image-120\" src=\"https:\/\/www.autobusova-doprava.com\/wp-content\/uploads\/2020\/09\/small-jizdni_rad-2.gif\" alt=\"\" width=\"115\" height=\"136\" \/><\/a><\/td>\n<td>\n<h2><a href=\"http:\/\/www.autobusova-doprava.com\/data\/mod_redaction\/11\/down\/cenik-km-2012-d.xls\" target=\"_blank\" rel=\"noopener noreferrer\"><img decoding=\"async\" src=\".\/Linkov\u00e1 doprava_files\/small-cenik.gif\" alt=\"\" align=\"center\" \/><img loading=\"lazy\" decoding=\"async\" class=\"alignleft size-full wp-image-121\" src=\"https:\/\/www.autobusova-doprava.com\/wp-content\/uploads\/2020\/09\/small-cenik-1.gif\" alt=\"\" width=\"115\" height=\"136\" \/><\/a><\/h2>\n<\/td>\n<\/tr>\n<\/tbody>\n<\/table>\n<p>&nbsp;<\/p>\n<hr \/>\n<table class=\"invisible full-width\">\n<tbody>\n<tr>\n<td>\n<h2>143 444 PRAHA &#8211; PL\u00c1NICE<\/h2>\n<p>Od 1.2.2010 byl zah\u00e1jen provoz nov\u00e9 d\u00e1lkov\u00e9 linky <strong>143 444<\/strong>, kter\u00e1 jako jedinn\u00e1 d\u00e1lkov\u00e1 linka spojuje <strong>Prahu &#8211; B\u0159eznici &#8211; Ln\u00e1\u0159e &#8211; Kasejovice &#8211; Nepomuk &#8211; \u017dinkovy a Pl\u00e1nici<\/strong>. Do v\u0161ech obc\u00ed mimo st\u0159edo\u010desk\u00e9ho kraje \u017e\u00e1dn\u00e1 jin\u00e1 d\u00e1lkov\u00e1 linka z Prahy nejezd\u00ed.<\/p>\n<p>V sou\u010dasn\u00e9 dob\u011b je linka v provozu pouze v p\u00e1tek ve sm\u011bru z Prahy a v ned\u011bli ve sm\u011bru do Prahy.<\/p>\n<p><strong>Na\u0161e linka nen\u00ed dotov\u00e1na.<\/strong><\/td>\n<td><img loading=\"lazy\" decoding=\"async\" class=\"alignleft size-full wp-image-122\" src=\"https:\/\/www.autobusova-doprava.com\/wp-content\/uploads\/2020\/09\/small-jizdni_rad-3.gif\" alt=\"\" width=\"115\" height=\"136\" \/><a href=\"http:\/\/www.autobusova-doprava.com\/data\/mod_redaction\/11\/down\/143444-141214.pdf\" target=\"_blank\" rel=\"noopener noreferrer\"><img decoding=\"async\" class=\"right\" src=\".\/Linkov\u00e1 doprava_files\/small-jizdni_rad.gif\" alt=\"\" \/><\/a><\/td>\n<td><\/td>\n<\/tr>\n<tr>\n<td><\/td>\n<td><\/td>\n<td><\/td>\n<\/tr>\n<\/tbody>\n<\/table>\n<hr \/>\n<p><strong>D\u016fle\u017eit\u00e9 informace pro cestuj\u00edc\u00ed na na\u0161ich link\u00e1ch<\/strong><\/p>\n<ul>\n<li>Odkaz na j\u00edzdn\u00ed \u0159\u00e1dy v\u010detn\u011b vlak\u016f v\u0161ech dopravc\u016f \u010cR <a href=\"http:\/\/www.jizdnirady.cz\/\" target=\"_blank\" rel=\"noopener noreferrer\">http:\/\/www.jizdnirady.cz\/<\/a><\/li>\n<\/ul>\n<p><strong><em>Nej\u010dast\u011bj\u0161\u00ed dotazy na\u0161ich cestuj\u00edc\u00edch<\/em><\/strong><\/p>\n<ul>\n<li>Rezervace j\u00edzdenek: na ka\u017ed\u00fd spoj na\u0161\u00ed linky do stanice ve vzd\u00e1lenosti nad 90 km je mo\u017en\u00e9 zakoupit j\u00edzdenku s m\u00edstenkou ve v\u0161ech p\u0159edprodejn\u00edch kancel\u00e1\u0159\u00edch AMS po cel\u00e9 republice. Tyto p\u0159edprodejn\u00ed kancel\u00e1\u0159e se nach\u00e1zej\u00ed nap\u0159. v Praze na autobusov\u00e9m n\u00e1dra\u017e\u00ed Florenc, \u010cern\u00fd most, Roztyly, Na Kn\u00ed\u017eec\u00ed; d\u00e1le v Jablonci nad Nisou, Harrachov\u011b, Rokytnici nad Jizerou, \u010cesk\u00fdch Bud\u011bjovic\u00edch, Plzni&#8230;<\/li>\n<\/ul>\n<p>Rezervace je mo\u017en\u00e1 t\u00e9\u017e elektronicky na <a href=\"http:\/\/www.amsbus.cz\/\" target=\"_blank\" rel=\"noopener noreferrer\">www.amsbus.cz<\/a><\/p>\n<ul>\n<li>P\u0159eprava zavazadel:\n<ul>\n<li>b\u011b\u017en\u00e1 zavazadla za 10,- K\u010d<\/li>\n<li>ly\u017ee za 10,- K\u010d<\/li>\n<li>pes ve schr\u00e1n\u011b (ta\u0161ce s nepropustn\u00fdm dnem) za 10,- K\u010d<\/li>\n<li>pes na vod\u00edtku s n\u00e1hubkem za polovi\u010dn\u00ed j\u00edzdn\u00e9<\/li>\n<li>j\u00edzdn\u00ed kolo se p\u0159epravuje ve vyj\u00edme\u010dn\u00fdch p\u0159\u00edpadech po tel. dohod\u011b za pln\u00e9 j\u00edzdn\u00e9<\/li>\n<li>p\u0159eprava z\u00e1silek nen\u00ed p\u0159edm\u011btem na\u0161\u00ed \u010dinnosti, ale \u0159idi\u010d (kter\u00e9ho je vhodn\u00e9 odm\u011bnit) v\u00e1m to r\u00e1d umo\u017en\u00ed<\/li>\n<\/ul>\n<\/li>\n<\/ul>\n","protected":false},"excerpt":{"rendered":"<p>Ud\u011blejte si v\u00fdlet historick\u00fdm autobusem spojen\u00fd s plavbou po Orlick\u00e9 p\u0159ehrad\u011b. V sobotu o pr\u00e1zdnin\u00e1ch (od 5.7. do 30.8.) jezd\u00ed historick\u00fd autobus \u0160koda 706 RTO (nebo v\u00fdjme\u010dn\u011b \u201emodern\u011bj\u0161\u00ed\u201c \u0160D 11) pouze v \u00faseku Praha \u2013 Orl\u00edk \u2013 Zv\u00edkovsk\u00e9 podhrad\u00ed, Hrad. Autobus vyj\u00ed\u017ed\u00ed z Prahy Na Kn\u00ed\u017eec\u00ed n\u00e1stupi\u0161t\u011b 2 v sobotu v 9.00 hod., Orl\u00edk nad [&hellip;]<\/p>\n","protected":false},"author":1,"featured_media":0,"parent":0,"menu_order":0,"comment_status":"closed","ping_status":"open","template":"","meta":{"_exactmetrics_skip_tracking":false,"_exactmetrics_sitenote_active":false,"_exactmetrics_sitenote_note":"","_exactmetrics_sitenote_category":0,"footnotes":""},"class_list":["post-12","page","type-page","status-publish","hentry"],"_links":{"self":[{"href":"https:\/\/www.autobusova-doprava.com\/index.php?rest_route=\/wp\/v2\/pages\/12","targetHints":{"allow":["GET"]}}],"collection":[{"href":"https:\/\/www.autobusova-doprava.com\/index.php?rest_route=\/wp\/v2\/pages"}],"about":[{"href":"https:\/\/www.autobusova-doprava.com\/index.php?rest_route=\/wp\/v2\/types\/page"}],"author":[{"embeddable":true,"href":"https:\/\/www.autobusova-doprava.com\/index.php?rest_route=\/wp\/v2\/users\/1"}],"replies":[{"embeddable":true,"href":"https:\/\/www.autobusova-doprava.com\/index.php?rest_route=%2Fwp%2Fv2%2Fcomments&post=12"}],"version-history":[{"count":4,"href":"https:\/\/www.autobusova-doprava.com\/index.php?rest_route=\/wp\/v2\/pages\/12\/revisions"}],"predecessor-version":[{"id":113,"href":"https:\/\/www.autobusova-doprava.com\/index.php?rest_route=\/wp\/v2\/pages\/12\/revisions\/113"}],"wp:attachment":[{"href":"https:\/\/www.autobusova-doprava.com\/index.php?rest_route=%2Fwp%2Fv2%2Fmedia&parent=12"}],"curies":[{"name":"wp","href":"https:\/\/api.w.org\/{rel}","templated":true}]}}